{"id":875,"date":"2023-11-16T18:00:40","date_gmt":"2023-11-16T17:00:40","guid":{"rendered":"https:\/\/musiquenherbe.org\/?page_id=875"},"modified":"2025-02-05T17:10:43","modified_gmt":"2025-02-05T16:10:43","slug":"galerie","status":"publish","type":"page","link":"https:\/\/musiquenherbe.org\/index.php\/galerie\/","title":{"rendered":"Galerie"},"content":{"rendered":"\t\t<div data-elementor-type=\"wp-page\" data-elementor-id=\"875\" class=\"elementor elementor-875\">\n\t\t\t\t\t\t<section class=\"elementor-section elementor-top-section elementor-element elementor-element-a42588a elementor-section-boxed elementor-section-height-default elementor-section-height-default\" data-id=\"a42588a\" data-element_type=\"section\" data-e-type=\"section\">\n\t\t\t\t\t\t<div class=\"elementor-container elementor-column-gap-default\">\n\t\t\t\t\t<div class=\"elementor-column elementor-col-100 elementor-top-column elementor-element elementor-element-68fa2a3\" data-id=\"68fa2a3\" data-element_type=\"column\" data-e-type=\"column\">\n\t\t\t<div class=\"elementor-widget-wrap elementor-element-populated\">\n\t\t\t\t\t\t<div class=\"elementor-element elementor-element-a91e74d gallery-spacing-custom elementor-widget elementor-widget-image-gallery\" data-id=\"a91e74d\" data-element_type=\"widget\" data-e-type=\"widget\" data-widget_type=\"image-gallery.default\">\n\t\t\t\t<div class=\"elementor-widget-container\">\n\t\t\t\t\t\t\t<div class=\"elementor-image-gallery\">\n\t\t\t<div id='gallery-1' class='gallery galleryid-875 gallery-columns-5 gallery-size-thumbnail'><figure class='gallery-item'>\n\t\t\t<div class='gallery-icon landscape'>\n\t\t\t\t<a data-elementor-open-lightbox=\"yes\" data-elementor-lightbox-slideshow=\"a91e74d\" data-elementor-lightbox-title=\"Beginners\" data-e-action-hash=\"#elementor-action%3Aaction%3Dlightbox%26settings%3DeyJpZCI6OTA1LCJ1cmwiOiJodHRwczpcL1wvbXVzaXF1ZW5oZXJiZS5vcmdcL3dwLWNvbnRlbnRcL3VwbG9hZHNcLzIwMjRcLzAxXC8xNjgzMTg1NDA4MTI4MDU2MjYzLmpwZyIsInNsaWRlc2hvdyI6ImE5MWU3NGQifQ%3D%3D\" href='https:\/\/musiquenherbe.org\/wp-content\/uploads\/2024\/01\/1683185408128056263.jpg'><img decoding=\"async\" width=\"150\" height=\"150\" src=\"https:\/\/musiquenherbe.org\/wp-content\/uploads\/2024\/01\/1683185408128056263-150x150.jpg\" class=\"attachment-thumbnail size-thumbnail\" alt=\"\" aria-describedby=\"gallery-1-905\" \/><\/a>\n\t\t\t<\/div>\n\t\t\t\t<figcaption class='wp-caption-text gallery-caption' id='gallery-1-905'>\n\t\t\t\tConcert les Beginners\n\t\t\t\t<\/figcaption><\/figure><figure class='gallery-item'>\n\t\t\t<div class='gallery-icon landscape'>\n\t\t\t\t<a data-elementor-open-lightbox=\"yes\" data-elementor-lightbox-slideshow=\"a91e74d\" data-elementor-lightbox-title=\"Beginners\" data-e-action-hash=\"#elementor-action%3Aaction%3Dlightbox%26settings%3DeyJpZCI6OTA2LCJ1cmwiOiJodHRwczpcL1wvbXVzaXF1ZW5oZXJiZS5vcmdcL3dwLWNvbnRlbnRcL3VwbG9hZHNcLzIwMjRcLzAxXC8zMTA0NjYyNTE3MDQyOTI5NzQ1LmpwZyIsInNsaWRlc2hvdyI6ImE5MWU3NGQifQ%3D%3D\" href='https:\/\/musiquenherbe.org\/wp-content\/uploads\/2024\/01\/3104662517042929745.jpg'><img decoding=\"async\" width=\"150\" height=\"150\" src=\"https:\/\/musiquenherbe.org\/wp-content\/uploads\/2024\/01\/3104662517042929745-150x150.jpg\" class=\"attachment-thumbnail size-thumbnail\" alt=\"\" aria-describedby=\"gallery-1-906\" \/><\/a>\n\t\t\t<\/div>\n\t\t\t\t<figcaption class='wp-caption-text gallery-caption' id='gallery-1-906'>\n\t\t\t\tConcert les Beginners\n\t\t\t\t<\/figcaption><\/figure><figure class='gallery-item'>\n\t\t\t<div class='gallery-icon landscape'>\n\t\t\t\t<a data-elementor-open-lightbox=\"yes\" data-elementor-lightbox-slideshow=\"a91e74d\" data-elementor-lightbox-title=\"Beginners\" data-e-action-hash=\"#elementor-action%3Aaction%3Dlightbox%26settings%3DeyJpZCI6OTA3LCJ1cmwiOiJodHRwczpcL1wvbXVzaXF1ZW5oZXJiZS5vcmdcL3dwLWNvbnRlbnRcL3VwbG9hZHNcLzIwMjRcLzAxXC83MjAyNzc1MDIxNzk4NTk5ODc2LmpwZyIsInNsaWRlc2hvdyI6ImE5MWU3NGQifQ%3D%3D\" href='https:\/\/musiquenherbe.org\/wp-content\/uploads\/2024\/01\/7202775021798599876.jpg'><img decoding=\"async\" width=\"150\" height=\"150\" src=\"https:\/\/musiquenherbe.org\/wp-content\/uploads\/2024\/01\/7202775021798599876-150x150.jpg\" class=\"attachment-thumbnail size-thumbnail\" alt=\"\" aria-describedby=\"gallery-1-907\" \/><\/a>\n\t\t\t<\/div>\n\t\t\t\t<figcaption class='wp-caption-text gallery-caption' id='gallery-1-907'>\n\t\t\t\tConcert les Beginners\n\t\t\t\t<\/figcaption><\/figure><figure class='gallery-item'>\n\t\t\t<div class='gallery-icon portrait'>\n\t\t\t\t<a data-elementor-open-lightbox=\"yes\" data-elementor-lightbox-slideshow=\"a91e74d\" data-elementor-lightbox-title=\"Graines et Beginners\" data-e-action-hash=\"#elementor-action%3Aaction%3Dlightbox%26settings%3DeyJpZCI6OTAxLCJ1cmwiOiJodHRwczpcL1wvbXVzaXF1ZW5oZXJiZS5vcmdcL3dwLWNvbnRlbnRcL3VwbG9hZHNcLzIwMjRcLzAxXC8xMjEyMjc1MzIzNDQ3Mzg1MDM1LmpwZyIsInNsaWRlc2hvdyI6ImE5MWU3NGQifQ%3D%3D\" href='https:\/\/musiquenherbe.org\/wp-content\/uploads\/2024\/01\/1212275323447385035.jpg'><img loading=\"lazy\" decoding=\"async\" width=\"150\" height=\"150\" src=\"https:\/\/musiquenherbe.org\/wp-content\/uploads\/2024\/01\/1212275323447385035-150x150.jpg\" class=\"attachment-thumbnail size-thumbnail\" alt=\"\" aria-describedby=\"gallery-1-901\" \/><\/a>\n\t\t\t<\/div>\n\t\t\t\t<figcaption class='wp-caption-text gallery-caption' id='gallery-1-901'>\n\t\t\t\tFestival Voyage au coeur de l&rsquo;\u00e9t\u00e9\n\t\t\t\t<\/figcaption><\/figure><figure class='gallery-item'>\n\t\t\t<div class='gallery-icon landscape'>\n\t\t\t\t<a data-elementor-open-lightbox=\"yes\" data-elementor-lightbox-slideshow=\"a91e74d\" data-elementor-lightbox-title=\"Beginners\" data-e-action-hash=\"#elementor-action%3Aaction%3Dlightbox%26settings%3DeyJpZCI6OTAyLCJ1cmwiOiJodHRwczpcL1wvbXVzaXF1ZW5oZXJiZS5vcmdcL3dwLWNvbnRlbnRcL3VwbG9hZHNcLzIwMjRcLzAxXC81ODMxMTM5MTI2NDk0MDcxNDU2LmpwZyIsInNsaWRlc2hvdyI6ImE5MWU3NGQifQ%3D%3D\" href='https:\/\/musiquenherbe.org\/wp-content\/uploads\/2024\/01\/5831139126494071456.jpg'><img loading=\"lazy\" decoding=\"async\" width=\"150\" height=\"150\" src=\"https:\/\/musiquenherbe.org\/wp-content\/uploads\/2024\/01\/5831139126494071456-150x150.jpg\" class=\"attachment-thumbnail size-thumbnail\" alt=\"\" aria-describedby=\"gallery-1-902\" \/><\/a>\n\t\t\t<\/div>\n\t\t\t\t<figcaption class='wp-caption-text gallery-caption' id='gallery-1-902'>\n\t\t\t\tConcert les Graines et les Beginners\n\t\t\t\t<\/figcaption><\/figure><figure class='gallery-item'>\n\t\t\t<div class='gallery-icon landscape'>\n\t\t\t\t<a data-elementor-open-lightbox=\"yes\" data-elementor-lightbox-slideshow=\"a91e74d\" data-elementor-lightbox-title=\"beginners\" data-e-action-hash=\"#elementor-action%3Aaction%3Dlightbox%26settings%3DeyJpZCI6OTAzLCJ1cmwiOiJodHRwczpcL1wvbXVzaXF1ZW5oZXJiZS5vcmdcL3dwLWNvbnRlbnRcL3VwbG9hZHNcLzIwMjRcLzAxXC82ODA3Mzk4NjI2Mjg1NTQ0NzI3LmpwZyIsInNsaWRlc2hvdyI6ImE5MWU3NGQifQ%3D%3D\" href='https:\/\/musiquenherbe.org\/wp-content\/uploads\/2024\/01\/6807398626285544727.jpg'><img loading=\"lazy\" decoding=\"async\" width=\"150\" height=\"150\" src=\"https:\/\/musiquenherbe.org\/wp-content\/uploads\/2024\/01\/6807398626285544727-150x150.jpg\" class=\"attachment-thumbnail size-thumbnail\" alt=\"\" aria-describedby=\"gallery-1-903\" \/><\/a>\n\t\t\t<\/div>\n\t\t\t\t<figcaption class='wp-caption-text gallery-caption' id='gallery-1-903'>\n\t\t\t\tConcert les Beginners\n\t\t\t\t<\/figcaption><\/figure><figure class='gallery-item'>\n\t\t\t<div class='gallery-icon portrait'>\n\t\t\t\t<a data-elementor-open-lightbox=\"yes\" data-elementor-lightbox-slideshow=\"a91e74d\" data-elementor-lightbox-title=\"Beginners\" data-e-action-hash=\"#elementor-action%3Aaction%3Dlightbox%26settings%3DeyJpZCI6OTI1LCJ1cmwiOiJodHRwczpcL1wvbXVzaXF1ZW5oZXJiZS5vcmdcL3dwLWNvbnRlbnRcL3VwbG9hZHNcLzIwMjRcLzAyXC9pbWFnZTEwLXJvdGF0ZWQuanBlZyIsInNsaWRlc2hvdyI6ImE5MWU3NGQifQ%3D%3D\" href='https:\/\/musiquenherbe.org\/wp-content\/uploads\/2024\/02\/image10-rotated.jpeg'><img loading=\"lazy\" decoding=\"async\" width=\"150\" height=\"150\" src=\"https:\/\/musiquenherbe.org\/wp-content\/uploads\/2024\/02\/image10-150x150.jpeg\" class=\"attachment-thumbnail size-thumbnail\" alt=\"\" aria-describedby=\"gallery-1-925\" \/><\/a>\n\t\t\t<\/div>\n\t\t\t\t<figcaption class='wp-caption-text gallery-caption' id='gallery-1-925'>\n\t\t\t\tConcert du 16 f\u00e9vrier 2024 \u00e0 la Lune des Pirates\n\t\t\t\t<\/figcaption><\/figure><figure class='gallery-item'>\n\t\t\t<div class='gallery-icon portrait'>\n\t\t\t\t<a data-elementor-open-lightbox=\"yes\" data-elementor-lightbox-slideshow=\"a91e74d\" data-elementor-lightbox-title=\"Beginners\" data-e-action-hash=\"#elementor-action%3Aaction%3Dlightbox%26settings%3DeyJpZCI6OTI2LCJ1cmwiOiJodHRwczpcL1wvbXVzaXF1ZW5oZXJiZS5vcmdcL3dwLWNvbnRlbnRcL3VwbG9hZHNcLzIwMjRcLzAyXC9pbWFnZTEyLXJvdGF0ZWQuanBlZyIsInNsaWRlc2hvdyI6ImE5MWU3NGQifQ%3D%3D\" href='https:\/\/musiquenherbe.org\/wp-content\/uploads\/2024\/02\/image12-rotated.jpeg'><img loading=\"lazy\" decoding=\"async\" width=\"150\" height=\"150\" src=\"https:\/\/musiquenherbe.org\/wp-content\/uploads\/2024\/02\/image12-150x150.jpeg\" class=\"attachment-thumbnail size-thumbnail\" alt=\"\" aria-describedby=\"gallery-1-926\" \/><\/a>\n\t\t\t<\/div>\n\t\t\t\t<figcaption class='wp-caption-text gallery-caption' id='gallery-1-926'>\n\t\t\t\tConcert du 16 f\u00e9vrier 2024 \u00e0 la Lune des Pirates\n\t\t\t\t<\/figcaption><\/figure><figure class='gallery-item'>\n\t\t\t<div class='gallery-icon portrait'>\n\t\t\t\t<a data-elementor-open-lightbox=\"yes\" data-elementor-lightbox-slideshow=\"a91e74d\" data-elementor-lightbox-title=\"Beginners\" data-e-action-hash=\"#elementor-action%3Aaction%3Dlightbox%26settings%3DeyJpZCI6OTI3LCJ1cmwiOiJodHRwczpcL1wvbXVzaXF1ZW5oZXJiZS5vcmdcL3dwLWNvbnRlbnRcL3VwbG9hZHNcLzIwMjRcLzAyXC9pbWFnZTEzLXJvdGF0ZWQuanBlZyIsInNsaWRlc2hvdyI6ImE5MWU3NGQifQ%3D%3D\" href='https:\/\/musiquenherbe.org\/wp-content\/uploads\/2024\/02\/image13-rotated.jpeg'><img loading=\"lazy\" decoding=\"async\" width=\"150\" height=\"150\" src=\"https:\/\/musiquenherbe.org\/wp-content\/uploads\/2024\/02\/image13-150x150.jpeg\" class=\"attachment-thumbnail size-thumbnail\" alt=\"\" aria-describedby=\"gallery-1-927\" \/><\/a>\n\t\t\t<\/div>\n\t\t\t\t<figcaption class='wp-caption-text gallery-caption' id='gallery-1-927'>\n\t\t\t\tConcert du 16 f\u00e9vrier 2024 \u00e0 la Lune des Pirates\n\t\t\t\t<\/figcaption><\/figure><figure class='gallery-item'>\n\t\t\t<div class='gallery-icon portrait'>\n\t\t\t\t<a data-elementor-open-lightbox=\"yes\" data-elementor-lightbox-slideshow=\"a91e74d\" data-elementor-lightbox-title=\"Beginners\" data-e-action-hash=\"#elementor-action%3Aaction%3Dlightbox%26settings%3DeyJpZCI6OTI4LCJ1cmwiOiJodHRwczpcL1wvbXVzaXF1ZW5oZXJiZS5vcmdcL3dwLWNvbnRlbnRcL3VwbG9hZHNcLzIwMjRcLzAyXC9pbWFnZTE0LXJvdGF0ZWQuanBlZyIsInNsaWRlc2hvdyI6ImE5MWU3NGQifQ%3D%3D\" href='https:\/\/musiquenherbe.org\/wp-content\/uploads\/2024\/02\/image14-rotated.jpeg'><img loading=\"lazy\" decoding=\"async\" width=\"150\" height=\"150\" src=\"https:\/\/musiquenherbe.org\/wp-content\/uploads\/2024\/02\/image14-150x150.jpeg\" class=\"attachment-thumbnail size-thumbnail\" alt=\"\" aria-describedby=\"gallery-1-928\" \/><\/a>\n\t\t\t<\/div>\n\t\t\t\t<figcaption class='wp-caption-text gallery-caption' id='gallery-1-928'>\n\t\t\t\tConcert du 16 f\u00e9vrier 2024 \u00e0 la Lune des Pirates\n\t\t\t\t<\/figcaption><\/figure><figure class='gallery-item'>\n\t\t\t<div class='gallery-icon portrait'>\n\t\t\t\t<a data-elementor-open-lightbox=\"yes\" data-elementor-lightbox-slideshow=\"a91e74d\" data-elementor-lightbox-title=\"Beginners\" data-e-action-hash=\"#elementor-action%3Aaction%3Dlightbox%26settings%3DeyJpZCI6OTI5LCJ1cmwiOiJodHRwczpcL1wvbXVzaXF1ZW5oZXJiZS5vcmdcL3dwLWNvbnRlbnRcL3VwbG9hZHNcLzIwMjRcLzAyXC9pbWFnZTE1LXJvdGF0ZWQuanBlZyIsInNsaWRlc2hvdyI6ImE5MWU3NGQifQ%3D%3D\" href='https:\/\/musiquenherbe.org\/wp-content\/uploads\/2024\/02\/image15-rotated.jpeg'><img loading=\"lazy\" decoding=\"async\" width=\"150\" height=\"150\" src=\"https:\/\/musiquenherbe.org\/wp-content\/uploads\/2024\/02\/image15-150x150.jpeg\" class=\"attachment-thumbnail size-thumbnail\" alt=\"\" aria-describedby=\"gallery-1-929\" \/><\/a>\n\t\t\t<\/div>\n\t\t\t\t<figcaption class='wp-caption-text gallery-caption' id='gallery-1-929'>\n\t\t\t\tConcert du 16 f\u00e9vrier 2024 \u00e0 la Lune des Pirates\n\t\t\t\t<\/figcaption><\/figure><figure class='gallery-item'>\n\t\t\t<div class='gallery-icon landscape'>\n\t\t\t\t<a data-elementor-open-lightbox=\"yes\" data-elementor-lightbox-slideshow=\"a91e74d\" data-elementor-lightbox-title=\"Auditions 2024\/2025\" data-e-action-hash=\"#elementor-action%3Aaction%3Dlightbox%26settings%3DeyJpZCI6OTU4LCJ1cmwiOiJodHRwczpcL1wvbXVzaXF1ZW5oZXJiZS5vcmdcL3dwLWNvbnRlbnRcL3VwbG9hZHNcLzIwMjRcLzA2XC82MDgzOTMyMzY3MTMwMzc1NzIzLmpwZyIsInNsaWRlc2hvdyI6ImE5MWU3NGQifQ%3D%3D\" href='https:\/\/musiquenherbe.org\/wp-content\/uploads\/2024\/06\/6083932367130375723.jpg'><img loading=\"lazy\" decoding=\"async\" width=\"150\" height=\"150\" src=\"https:\/\/musiquenherbe.org\/wp-content\/uploads\/2024\/06\/6083932367130375723-150x150.jpg\" class=\"attachment-thumbnail size-thumbnail\" alt=\"\" aria-describedby=\"gallery-1-958\" \/><\/a>\n\t\t\t<\/div>\n\t\t\t\t<figcaption class='wp-caption-text gallery-caption' id='gallery-1-958'>\n\t\t\t\tAuditions de batterie\n\t\t\t\t<\/figcaption><\/figure><figure class='gallery-item'>\n\t\t\t<div class='gallery-icon landscape'>\n\t\t\t\t<a data-elementor-open-lightbox=\"yes\" data-elementor-lightbox-slideshow=\"a91e74d\" data-elementor-lightbox-title=\"Auditions 2024\/2025\" data-e-action-hash=\"#elementor-action%3Aaction%3Dlightbox%26settings%3DeyJpZCI6OTU5LCJ1cmwiOiJodHRwczpcL1wvbXVzaXF1ZW5oZXJiZS5vcmdcL3dwLWNvbnRlbnRcL3VwbG9hZHNcLzIwMjRcLzA2XC81MjY3MTQ1MzA2NzA5NzIyNjM4LmpwZyIsInNsaWRlc2hvdyI6ImE5MWU3NGQifQ%3D%3D\" href='https:\/\/musiquenherbe.org\/wp-content\/uploads\/2024\/06\/5267145306709722638.jpg'><img loading=\"lazy\" decoding=\"async\" width=\"150\" height=\"150\" src=\"https:\/\/musiquenherbe.org\/wp-content\/uploads\/2024\/06\/5267145306709722638-150x150.jpg\" class=\"attachment-thumbnail size-thumbnail\" alt=\"\" aria-describedby=\"gallery-1-959\" \/><\/a>\n\t\t\t<\/div>\n\t\t\t\t<figcaption class='wp-caption-text gallery-caption' id='gallery-1-959'>\n\t\t\t\tAuditions de basse\n\t\t\t\t<\/figcaption><\/figure><figure class='gallery-item'>\n\t\t\t<div class='gallery-icon landscape'>\n\t\t\t\t<a data-elementor-open-lightbox=\"yes\" data-elementor-lightbox-slideshow=\"a91e74d\" data-elementor-lightbox-title=\"Stage d&#039;initiation\" data-e-action-hash=\"#elementor-action%3Aaction%3Dlightbox%26settings%3DeyJpZCI6OTY0LCJ1cmwiOiJodHRwczpcL1wvbXVzaXF1ZW5oZXJiZS5vcmdcL3dwLWNvbnRlbnRcL3VwbG9hZHNcLzIwMjRcLzExXC9JTUctMjAyNDExMDUtV0EwMDAyLmpwZyIsInNsaWRlc2hvdyI6ImE5MWU3NGQifQ%3D%3D\" href='https:\/\/musiquenherbe.org\/wp-content\/uploads\/2024\/11\/IMG-20241105-WA0002.jpg'><img loading=\"lazy\" decoding=\"async\" width=\"150\" height=\"150\" src=\"https:\/\/musiquenherbe.org\/wp-content\/uploads\/2024\/11\/IMG-20241105-WA0002-150x150.jpg\" class=\"attachment-thumbnail size-thumbnail\" alt=\"\" aria-describedby=\"gallery-1-964\" \/><\/a>\n\t\t\t<\/div>\n\t\t\t\t<figcaption class='wp-caption-text gallery-caption' id='gallery-1-964'>\n\t\t\t\tStage d&rsquo;initiation aux musiques actuelles &#8211; convention d\u00e9couvertes culturelles &#8211; universit\u00e9 Picardie Jules Verne\n\t\t\t\t<\/figcaption><\/figure><figure class='gallery-item'>\n\t\t\t<div class='gallery-icon landscape'>\n\t\t\t\t<a data-elementor-open-lightbox=\"yes\" data-elementor-lightbox-slideshow=\"a91e74d\" data-elementor-lightbox-title=\"Sortie concert\" data-e-action-hash=\"#elementor-action%3Aaction%3Dlightbox%26settings%3DeyJpZCI6OTcwLCJ1cmwiOiJodHRwczpcL1wvbXVzaXF1ZW5oZXJiZS5vcmdcL3dwLWNvbnRlbnRcL3VwbG9hZHNcLzIwMjRcLzEyXC9JTUctMjAyNDEyMDItV0EwMDAyLmpwZyIsInNsaWRlc2hvdyI6ImE5MWU3NGQifQ%3D%3D\" href='https:\/\/musiquenherbe.org\/wp-content\/uploads\/2024\/12\/IMG-20241202-WA0002.jpg'><img loading=\"lazy\" decoding=\"async\" width=\"150\" height=\"150\" src=\"https:\/\/musiquenherbe.org\/wp-content\/uploads\/2024\/12\/IMG-20241202-WA0002-150x150.jpg\" class=\"attachment-thumbnail size-thumbnail\" alt=\"\" aria-describedby=\"gallery-1-970\" \/><\/a>\n\t\t\t<\/div>\n\t\t\t\t<figcaption class='wp-caption-text gallery-caption' id='gallery-1-970'>\n\t\t\t\tSortie Concert du groupe Dionysos avec les jeunes de l\u2019atelier du service Jeunesse Musique en Herbe\n\t\t\t\t<\/figcaption><\/figure><figure class='gallery-item'>\n\t\t\t<div class='gallery-icon landscape'>\n\t\t\t\t<a data-elementor-open-lightbox=\"yes\" data-elementor-lightbox-slideshow=\"a91e74d\" data-elementor-lightbox-title=\"Sortie concert\" data-e-action-hash=\"#elementor-action%3Aaction%3Dlightbox%26settings%3DeyJpZCI6OTcxLCJ1cmwiOiJodHRwczpcL1wvbXVzaXF1ZW5oZXJiZS5vcmdcL3dwLWNvbnRlbnRcL3VwbG9hZHNcLzIwMjRcLzEyXC9JTUctMjAyNDEyMDItV0EwMDAxLmpwZyIsInNsaWRlc2hvdyI6ImE5MWU3NGQifQ%3D%3D\" href='https:\/\/musiquenherbe.org\/wp-content\/uploads\/2024\/12\/IMG-20241202-WA0001.jpg'><img loading=\"lazy\" decoding=\"async\" width=\"150\" height=\"150\" src=\"https:\/\/musiquenherbe.org\/wp-content\/uploads\/2024\/12\/IMG-20241202-WA0001-150x150.jpg\" class=\"attachment-thumbnail size-thumbnail\" alt=\"\" aria-describedby=\"gallery-1-971\" \/><\/a>\n\t\t\t<\/div>\n\t\t\t\t<figcaption class='wp-caption-text gallery-caption' id='gallery-1-971'>\n\t\t\t\tSortie Concert du groupe Dionysos avec les jeunes de l\u2019atelier du service Jeunesse Musique en Herbe\n\t\t\t\t<\/figcaption><\/figure><figure class='gallery-item'>\n\t\t\t<div class='gallery-icon portrait'>\n\t\t\t\t<a data-elementor-open-lightbox=\"yes\" data-elementor-lightbox-slideshow=\"a91e74d\" data-elementor-lightbox-title=\"Sortie concert\" data-e-action-hash=\"#elementor-action%3Aaction%3Dlightbox%26settings%3DeyJpZCI6OTcyLCJ1cmwiOiJodHRwczpcL1wvbXVzaXF1ZW5oZXJiZS5vcmdcL3dwLWNvbnRlbnRcL3VwbG9hZHNcLzIwMjRcLzEyXC9JTUctMjAyNDEyMDItV0EwMDAwLmpwZyIsInNsaWRlc2hvdyI6ImE5MWU3NGQifQ%3D%3D\" href='https:\/\/musiquenherbe.org\/wp-content\/uploads\/2024\/12\/IMG-20241202-WA0000.jpg'><img loading=\"lazy\" decoding=\"async\" width=\"150\" height=\"150\" src=\"https:\/\/musiquenherbe.org\/wp-content\/uploads\/2024\/12\/IMG-20241202-WA0000-150x150.jpg\" class=\"attachment-thumbnail size-thumbnail\" alt=\"\" aria-describedby=\"gallery-1-972\" \/><\/a>\n\t\t\t<\/div>\n\t\t\t\t<figcaption class='wp-caption-text gallery-caption' id='gallery-1-972'>\n\t\t\t\tSortie Concert du groupe Dionysos avec les jeunes de l\u2019atelier du service Jeunesse Musique en Herbe\n\t\t\t\t<\/figcaption><\/figure><figure class='gallery-item'>\n\t\t\t<div class='gallery-icon portrait'>\n\t\t\t\t<a data-elementor-open-lightbox=\"yes\" data-elementor-lightbox-slideshow=\"a91e74d\" data-elementor-lightbox-title=\"Graines et Beginners\" data-e-action-hash=\"#elementor-action%3Aaction%3Dlightbox%26settings%3DeyJpZCI6OTgxLCJ1cmwiOiJodHRwczpcL1wvbXVzaXF1ZW5oZXJiZS5vcmdcL3dwLWNvbnRlbnRcL3VwbG9hZHNcLzIwMjVcLzAyXC9JTUctMjAyNTAyMDQtV0EwMDEwLmpwZyIsInNsaWRlc2hvdyI6ImE5MWU3NGQifQ%3D%3D\" href='https:\/\/musiquenherbe.org\/wp-content\/uploads\/2025\/02\/IMG-20250204-WA0010.jpg'><img loading=\"lazy\" decoding=\"async\" width=\"150\" height=\"150\" src=\"https:\/\/musiquenherbe.org\/wp-content\/uploads\/2025\/02\/IMG-20250204-WA0010-150x150.jpg\" class=\"attachment-thumbnail size-thumbnail\" alt=\"\" aria-describedby=\"gallery-1-981\" \/><\/a>\n\t\t\t<\/div>\n\t\t\t\t<figcaption class='wp-caption-text gallery-caption' id='gallery-1-981'>\n\t\t\t\t7\u00e8me \u00e9dition des rencontres Jazz et Musiques Actuelles \u00e0 la Lune des Pirates\n\t\t\t\t<\/figcaption><\/figure><figure class='gallery-item'>\n\t\t\t<div class='gallery-icon portrait'>\n\t\t\t\t<a data-elementor-open-lightbox=\"yes\" data-elementor-lightbox-slideshow=\"a91e74d\" data-elementor-lightbox-title=\"Graines et Beginners\" data-e-action-hash=\"#elementor-action%3Aaction%3Dlightbox%26settings%3DeyJpZCI6OTgyLCJ1cmwiOiJodHRwczpcL1wvbXVzaXF1ZW5oZXJiZS5vcmdcL3dwLWNvbnRlbnRcL3VwbG9hZHNcLzIwMjVcLzAyXC9JTUctMjAyNTAyMDQtV0EwMDA5LmpwZyIsInNsaWRlc2hvdyI6ImE5MWU3NGQifQ%3D%3D\" href='https:\/\/musiquenherbe.org\/wp-content\/uploads\/2025\/02\/IMG-20250204-WA0009.jpg'><img loading=\"lazy\" decoding=\"async\" width=\"150\" height=\"150\" src=\"https:\/\/musiquenherbe.org\/wp-content\/uploads\/2025\/02\/IMG-20250204-WA0009-150x150.jpg\" class=\"attachment-thumbnail size-thumbnail\" alt=\"\" aria-describedby=\"gallery-1-982\" \/><\/a>\n\t\t\t<\/div>\n\t\t\t\t<figcaption class='wp-caption-text gallery-caption' id='gallery-1-982'>\n\t\t\t\t7\u00e8me \u00e9dition des rencontres Jazz et Musiques Actuelles \u00e0 la Lune des Pirates\n\t\t\t\t<\/figcaption><\/figure><figure class='gallery-item'>\n\t\t\t<div class='gallery-icon portrait'>\n\t\t\t\t<a data-elementor-open-lightbox=\"yes\" data-elementor-lightbox-slideshow=\"a91e74d\" data-elementor-lightbox-title=\"Graines et Beginners\" data-e-action-hash=\"#elementor-action%3Aaction%3Dlightbox%26settings%3DeyJpZCI6OTgzLCJ1cmwiOiJodHRwczpcL1wvbXVzaXF1ZW5oZXJiZS5vcmdcL3dwLWNvbnRlbnRcL3VwbG9hZHNcLzIwMjVcLzAyXC9JTUctMjAyNTAyMDQtV0EwMDA4LmpwZyIsInNsaWRlc2hvdyI6ImE5MWU3NGQifQ%3D%3D\" href='https:\/\/musiquenherbe.org\/wp-content\/uploads\/2025\/02\/IMG-20250204-WA0008.jpg'><img loading=\"lazy\" decoding=\"async\" width=\"150\" height=\"150\" src=\"https:\/\/musiquenherbe.org\/wp-content\/uploads\/2025\/02\/IMG-20250204-WA0008-150x150.jpg\" class=\"attachment-thumbnail size-thumbnail\" alt=\"\" aria-describedby=\"gallery-1-983\" \/><\/a>\n\t\t\t<\/div>\n\t\t\t\t<figcaption class='wp-caption-text gallery-caption' id='gallery-1-983'>\n\t\t\t\t7\u00e8me \u00e9dition des rencontres Jazz et Musiques Actuelles \u00e0 la Lune des Pirates\n\t\t\t\t<\/figcaption><\/figure><figure class='gallery-item'>\n\t\t\t<div class='gallery-icon portrait'>\n\t\t\t\t<a data-elementor-open-lightbox=\"yes\" data-elementor-lightbox-slideshow=\"a91e74d\" data-elementor-lightbox-title=\"Graines et Beginners\" data-e-action-hash=\"#elementor-action%3Aaction%3Dlightbox%26settings%3DeyJpZCI6OTg0LCJ1cmwiOiJodHRwczpcL1wvbXVzaXF1ZW5oZXJiZS5vcmdcL3dwLWNvbnRlbnRcL3VwbG9hZHNcLzIwMjVcLzAyXC9JTUctMjAyNTAyMDQtV0EwMDA3LmpwZyIsInNsaWRlc2hvdyI6ImE5MWU3NGQifQ%3D%3D\" href='https:\/\/musiquenherbe.org\/wp-content\/uploads\/2025\/02\/IMG-20250204-WA0007.jpg'><img loading=\"lazy\" decoding=\"async\" width=\"150\" height=\"150\" src=\"https:\/\/musiquenherbe.org\/wp-content\/uploads\/2025\/02\/IMG-20250204-WA0007-150x150.jpg\" class=\"attachment-thumbnail size-thumbnail\" alt=\"\" aria-describedby=\"gallery-1-984\" \/><\/a>\n\t\t\t<\/div>\n\t\t\t\t<figcaption class='wp-caption-text gallery-caption' id='gallery-1-984'>\n\t\t\t\t7\u00e8me \u00e9dition des rencontres Jazz et Musiques Actuelles \u00e0 la Lune des Pirates\n\t\t\t\t<\/figcaption><\/figure><figure class='gallery-item'>\n\t\t\t<div class='gallery-icon portrait'>\n\t\t\t\t<a data-elementor-open-lightbox=\"yes\" data-elementor-lightbox-slideshow=\"a91e74d\" data-elementor-lightbox-title=\"Graines et Beginners\" data-e-action-hash=\"#elementor-action%3Aaction%3Dlightbox%26settings%3DeyJpZCI6OTg1LCJ1cmwiOiJodHRwczpcL1wvbXVzaXF1ZW5oZXJiZS5vcmdcL3dwLWNvbnRlbnRcL3VwbG9hZHNcLzIwMjVcLzAyXC9JTUctMjAyNTAyMDQtV0EwMDA2LmpwZyIsInNsaWRlc2hvdyI6ImE5MWU3NGQifQ%3D%3D\" href='https:\/\/musiquenherbe.org\/wp-content\/uploads\/2025\/02\/IMG-20250204-WA0006.jpg'><img loading=\"lazy\" decoding=\"async\" width=\"150\" height=\"150\" src=\"https:\/\/musiquenherbe.org\/wp-content\/uploads\/2025\/02\/IMG-20250204-WA0006-150x150.jpg\" class=\"attachment-thumbnail size-thumbnail\" alt=\"\" aria-describedby=\"gallery-1-985\" \/><\/a>\n\t\t\t<\/div>\n\t\t\t\t<figcaption class='wp-caption-text gallery-caption' id='gallery-1-985'>\n\t\t\t\t7\u00e8me \u00e9dition des rencontres Jazz et Musiques Actuelles \u00e0 la Lune des Pirates\n\t\t\t\t<\/figcaption><\/figure><figure class='gallery-item'>\n\t\t\t<div class='gallery-icon portrait'>\n\t\t\t\t<a data-elementor-open-lightbox=\"yes\" data-elementor-lightbox-slideshow=\"a91e74d\" data-elementor-lightbox-title=\"Graines et Beginners\" data-e-action-hash=\"#elementor-action%3Aaction%3Dlightbox%26settings%3DeyJpZCI6OTg2LCJ1cmwiOiJodHRwczpcL1wvbXVzaXF1ZW5oZXJiZS5vcmdcL3dwLWNvbnRlbnRcL3VwbG9hZHNcLzIwMjVcLzAyXC9JTUctMjAyNTAyMDQtV0EwMDA1LmpwZyIsInNsaWRlc2hvdyI6ImE5MWU3NGQifQ%3D%3D\" href='https:\/\/musiquenherbe.org\/wp-content\/uploads\/2025\/02\/IMG-20250204-WA0005.jpg'><img loading=\"lazy\" decoding=\"async\" width=\"150\" height=\"150\" src=\"https:\/\/musiquenherbe.org\/wp-content\/uploads\/2025\/02\/IMG-20250204-WA0005-150x150.jpg\" class=\"attachment-thumbnail size-thumbnail\" alt=\"\" aria-describedby=\"gallery-1-986\" \/><\/a>\n\t\t\t<\/div>\n\t\t\t\t<figcaption class='wp-caption-text gallery-caption' id='gallery-1-986'>\n\t\t\t\t7\u00e8me \u00e9dition des rencontres Jazz et Musiques Actuelles \u00e0 la Lune des Pirates\n\t\t\t\t<\/figcaption><\/figure><figure class='gallery-item'>\n\t\t\t<div class='gallery-icon portrait'>\n\t\t\t\t<a data-elementor-open-lightbox=\"yes\" data-elementor-lightbox-slideshow=\"a91e74d\" data-elementor-lightbox-title=\"Graines et Beginners\" data-e-action-hash=\"#elementor-action%3Aaction%3Dlightbox%26settings%3DeyJpZCI6OTg3LCJ1cmwiOiJodHRwczpcL1wvbXVzaXF1ZW5oZXJiZS5vcmdcL3dwLWNvbnRlbnRcL3VwbG9hZHNcLzIwMjVcLzAyXC9JTUctMjAyNTAyMDQtV0EwMDAzLmpwZyIsInNsaWRlc2hvdyI6ImE5MWU3NGQifQ%3D%3D\" href='https:\/\/musiquenherbe.org\/wp-content\/uploads\/2025\/02\/IMG-20250204-WA0003.jpg'><img loading=\"lazy\" decoding=\"async\" width=\"150\" height=\"150\" src=\"https:\/\/musiquenherbe.org\/wp-content\/uploads\/2025\/02\/IMG-20250204-WA0003-150x150.jpg\" class=\"attachment-thumbnail size-thumbnail\" alt=\"\" aria-describedby=\"gallery-1-987\" \/><\/a>\n\t\t\t<\/div>\n\t\t\t\t<figcaption class='wp-caption-text gallery-caption' id='gallery-1-987'>\n\t\t\t\t7\u00e8me \u00e9dition des rencontres Jazz et Musiques Actuelles \u00e0 la Lune des Pirates\n\t\t\t\t<\/figcaption><\/figure><figure class='gallery-item'>\n\t\t\t<div class='gallery-icon portrait'>\n\t\t\t\t<a data-elementor-open-lightbox=\"yes\" data-elementor-lightbox-slideshow=\"a91e74d\" data-elementor-lightbox-title=\"Graines et Beginners\" data-e-action-hash=\"#elementor-action%3Aaction%3Dlightbox%26settings%3DeyJpZCI6OTg4LCJ1cmwiOiJodHRwczpcL1wvbXVzaXF1ZW5oZXJiZS5vcmdcL3dwLWNvbnRlbnRcL3VwbG9hZHNcLzIwMjVcLzAyXC9JTUctMjAyNTAyMDQtV0EwMDAyLmpwZyIsInNsaWRlc2hvdyI6ImE5MWU3NGQifQ%3D%3D\" href='https:\/\/musiquenherbe.org\/wp-content\/uploads\/2025\/02\/IMG-20250204-WA0002.jpg'><img loading=\"lazy\" decoding=\"async\" width=\"150\" height=\"150\" src=\"https:\/\/musiquenherbe.org\/wp-content\/uploads\/2025\/02\/IMG-20250204-WA0002-150x150.jpg\" class=\"attachment-thumbnail size-thumbnail\" alt=\"\" aria-describedby=\"gallery-1-988\" \/><\/a>\n\t\t\t<\/div>\n\t\t\t\t<figcaption class='wp-caption-text gallery-caption' id='gallery-1-988'>\n\t\t\t\t7\u00e8me \u00e9dition des rencontres Jazz et Musiques Actuelles \u00e0 la Lune des Pirates\n\t\t\t\t<\/figcaption><\/figure><figure class='gallery-item'>\n\t\t\t<div class='gallery-icon portrait'>\n\t\t\t\t<a data-elementor-open-lightbox=\"yes\" data-elementor-lightbox-slideshow=\"a91e74d\" data-elementor-lightbox-title=\"Graines et Beginners\" data-e-action-hash=\"#elementor-action%3Aaction%3Dlightbox%26settings%3DeyJpZCI6OTg5LCJ1cmwiOiJodHRwczpcL1wvbXVzaXF1ZW5oZXJiZS5vcmdcL3dwLWNvbnRlbnRcL3VwbG9hZHNcLzIwMjVcLzAyXC9JTUctMjAyNTAyMDQtV0EwMDAxLmpwZyIsInNsaWRlc2hvdyI6ImE5MWU3NGQifQ%3D%3D\" href='https:\/\/musiquenherbe.org\/wp-content\/uploads\/2025\/02\/IMG-20250204-WA0001.jpg'><img loading=\"lazy\" decoding=\"async\" width=\"150\" height=\"150\" src=\"https:\/\/musiquenherbe.org\/wp-content\/uploads\/2025\/02\/IMG-20250204-WA0001-150x150.jpg\" class=\"attachment-thumbnail size-thumbnail\" alt=\"\" aria-describedby=\"gallery-1-989\" \/><\/a>\n\t\t\t<\/div>\n\t\t\t\t<figcaption class='wp-caption-text gallery-caption' id='gallery-1-989'>\n\t\t\t\t7\u00e8me \u00e9dition des rencontres Jazz et Musiques Actuelles \u00e0 la Lune des Pirates\n\t\t\t\t<\/figcaption><\/figure><figure class='gallery-item'>\n\t\t\t<div class='gallery-icon landscape'>\n\t\t\t\t<a data-elementor-open-lightbox=\"yes\" data-elementor-lightbox-slideshow=\"a91e74d\" data-elementor-lightbox-title=\"Graines et Beginners\" data-e-action-hash=\"#elementor-action%3Aaction%3Dlightbox%26settings%3DeyJpZCI6OTkwLCJ1cmwiOiJodHRwczpcL1wvbXVzaXF1ZW5oZXJiZS5vcmdcL3dwLWNvbnRlbnRcL3VwbG9hZHNcLzIwMjVcLzAyXC9JTUctMjAyNTAyMDQtV0EwMDAwLmpwZyIsInNsaWRlc2hvdyI6ImE5MWU3NGQifQ%3D%3D\" href='https:\/\/musiquenherbe.org\/wp-content\/uploads\/2025\/02\/IMG-20250204-WA0000.jpg'><img loading=\"lazy\" decoding=\"async\" width=\"150\" height=\"150\" src=\"https:\/\/musiquenherbe.org\/wp-content\/uploads\/2025\/02\/IMG-20250204-WA0000-150x150.jpg\" class=\"attachment-thumbnail size-thumbnail\" alt=\"\" aria-describedby=\"gallery-1-990\" \/><\/a>\n\t\t\t<\/div>\n\t\t\t\t<figcaption class='wp-caption-text gallery-caption' id='gallery-1-990'>\n\t\t\t\t7\u00e8me \u00e9dition des rencontres Jazz et Musiques Actuelles \u00e0 la Lune des Pirates\n\t\t\t\t<\/figcaption><\/figure>\n\t\t<\/div>\n\t\t<\/div>\n\t\t\t\t\t\t<\/div>\n\t\t\t\t<\/div>\n\t\t\t\t\t<\/div>\n\t\t<\/div>\n\t\t\t\t\t<\/div>\n\t\t<\/section>\n\t\t\t\t<\/div>\n\t\t","protected":false},"excerpt":{"rendered":"<p>Concert les Beginners Concert les Beginners Concert les Beginners Festival Voyage au coeur de l&rsquo;\u00e9t\u00e9 Concert les Graines et les Beginners Concert les Beginners Concert du 16 f\u00e9vrier 2024 \u00e0 la Lune des Pirates Concert du 16 f\u00e9vrier 2024 \u00e0 la Lune des Pirates Concert du 16 f\u00e9vrier 2024 \u00e0 la Lune des Pirates Concert [&hellip;]<\/p>\n","protected":false},"author":1,"featured_media":0,"parent":0,"menu_order":0,"comment_status":"closed","ping_status":"closed","template":"","meta":{"footnotes":""},"class_list":["post-875","page","type-page","status-publish","hentry"],"_links":{"self":[{"href":"https:\/\/musiquenherbe.org\/index.php\/wp-json\/wp\/v2\/pages\/875","targetHints":{"allow":["GET"]}}],"collection":[{"href":"https:\/\/musiquenherbe.org\/index.php\/wp-json\/wp\/v2\/pages"}],"about":[{"href":"https:\/\/musiquenherbe.org\/index.php\/wp-json\/wp\/v2\/types\/page"}],"author":[{"embeddable":true,"href":"https:\/\/musiquenherbe.org\/index.php\/wp-json\/wp\/v2\/users\/1"}],"replies":[{"embeddable":true,"href":"https:\/\/musiquenherbe.org\/index.php\/wp-json\/wp\/v2\/comments?post=875"}],"version-history":[{"count":22,"href":"https:\/\/musiquenherbe.org\/index.php\/wp-json\/wp\/v2\/pages\/875\/revisions"}],"predecessor-version":[{"id":993,"href":"https:\/\/musiquenherbe.org\/index.php\/wp-json\/wp\/v2\/pages\/875\/revisions\/993"}],"wp:attachment":[{"href":"https:\/\/musiquenherbe.org\/index.php\/wp-json\/wp\/v2\/media?parent=875"}],"curies":[{"name":"wp","href":"https:\/\/api.w.org\/{rel}","templated":true}]}}